{"id":107,"date":"2017-11-11T22:18:09","date_gmt":"2017-11-12T00:18:09","guid":{"rendered":"http:\/\/familiatafner.com\/?page_id=107"},"modified":"2018-02-22T20:54:25","modified_gmt":"2018-02-22T22:54:25","slug":"livro-da-familia-tafner","status":"publish","type":"page","link":"https:\/\/familiatafner.com\/en\/livro-da-familia-tafner\/","title":{"rendered":"Livro"},"content":{"rendered":"<div class=\"wpb-content-wrapper\"><p>[vc_row][vc_column][vc_raw_js]JTNDJTIxLS0lMjBHbG9iYWwlMjBzaXRlJTIwdGFnJTIwJTI4Z3RhZy5qcyUyOSUyMC0lMjBHb29nbGUlMjBBbmFseXRpY3MlMjAtLSUzRSUwQSUzQ3NjcmlwdCUyMGFzeW5jJTIwc3JjJTNEJTIyaHR0cHMlM0ElMkYlMkZ3d3cuZ29vZ2xldGFnbWFuYWdlci5jb20lMkZndGFnJTJGanMlM0ZpZCUzRFVBLTEwNjU0MjI0OS02JTIyJTNFJTNDJTJGc2NyaXB0JTNFJTBBJTNDc2NyaXB0JTNFJTBBJTIwJTIwd2luZG93LmRhdGFMYXllciUyMCUzRCUyMHdpbmRvdy5kYXRhTGF5ZXIlMjAlN0MlN0MlMjAlNUIlNUQlM0IlMEElMjAlMjBmdW5jdGlvbiUyMGd0YWclMjglMjklN0JkYXRhTGF5ZXIucHVzaCUyOGFyZ3VtZW50cyUyOSUzQiU3RCUwQSUyMCUyMGd0YWclMjglMjdqcyUyNyUyQyUyMG5ldyUyMERhdGUlMjglMjklMjklM0IlMEElMEElMjAlMjBndGFnJTI4JTI3Y29uZmlnJTI3JTJDJTIwJTI3VUEtMTA2NTQyMjQ5LTYlMjclMjklM0IlMEElM0MlMkZzY3JpcHQlM0U=[\/vc_raw_js][vc_empty_space height=&#8221;60px&#8221;][vc_column_text css_animation=&#8221;fadeInDown&#8221;]<\/p>\n<h3 style=\"text-align: center;\">Tafner Family&#8217;s Book Released<\/h3>\n<p><img decoding=\"async\" class=\"alignleft wp-image-76\" src=\"http:\/\/familiatafner.com\/wp-content\/uploads\/2017\/11\/livro3d.png\" alt=\"\" width=\"400\" height=\"600\" srcset=\"https:\/\/familiatafner.com\/wp-content\/uploads\/2017\/11\/livro3d.png 533w, https:\/\/familiatafner.com\/wp-content\/uploads\/2017\/11\/livro3d-200x300.png 200w\" sizes=\"(max-width: 400px) 100vw, 400px\" \/><\/p>\n<p>&nbsp;<\/p>\n<p>In March 2017, the book \u201cFam\u00edlia Tafner: surgimento e trajet\u00f3ria, na Europa e no Brasil\u201d was released. (In English, \u201cTafner Family: emergence and trajectory, in Europe and Brazil&#8221; &#8211; no English version available)<\/p>\n<p>The book was authored by Maria Antonietta Bellato Tafner, Ol\u00edvio Taffner and Andrey Jos\u00e9 Taffner Fraga, sponsored by prof. Jos\u00e9 Tafner and prefaced by Alberto Tafner &#8211; current president of the Associazione Trentini nel Mondo (based in Trento, Italy).<\/p>\n<p>In 1995 in Trento, Italy, Maria Antonietta Bellato Tafner gathered the first records that would ultimately shed light on the origins of the Tafner family. On the night she celebrated her silver wedding anniversary, she and her husband Alberto Tafner presented her extended family with her findings. Through her efforts, the history of the Tafner family was recorded for the first time.<\/p>\n<p>Meanwhile, in Brazil in the mid 1990s, Jos\u00e9 Tafner and Ol\u00edvio Tafner\u2013 two Brazilian members of the Tafner family\u2013 had started their own research as well.<\/p>\n<p>Jos\u00e9 Tafner first contacted Antonietta Tafner and other family members in Trento with the intention of gathering information about the history and genealogy of Giovanni Tafner, Jos\u00e9\u2019s grandfather and the son of the immigrant Angelo Tafner, patriarch of the Tafner Family in the state of Santa Catarina (Brazil).<\/p>\n<p>Around the same time, Ol\u00edvio Tafner began his own research on the history and genealogy of his grandfather Guglielmo Tafner, also a son of Angelo Tafner.<\/p>\n<p>Years later, Andrey Jos\u00e9 Taffner Fraga started collecting historical and genealogical data with the goal of writing a book on the history of the Tafner family. This soon developed into a collaboration, as the three authors combined their individual findings into one comprehensive body of research.<\/p>\n<p>This is how the history of the Tafner Family was written: distant cousins, working together across continents and across decades. Every word in the book is the result of years of dedicated research in archives, libraries, and interviews. The book offers a comprehensive history and trajectory of the Tafner family in Europe, which merges with the history of Trentino itself, and connects deep into the German and Italian alps.<\/p>\n<p>This history also includes the origins of the family\u2019s last name: Tafner, originally written \u201cTaufner,\u201d in the Middle Ages (around the 1300s), from \u201cVal dei Mocheni\u201d (Fersental), a small Germanic valley within the province of Trento.<\/p>\n<p>In the following chapters, the authors discuss migration within the province of Trento, followed by the emigration of some family members to Brazil, and to the USA.<\/p>\n<p>The final chapters tell the story of Angelo Tafner, an Italian immigrant and the patriarch of the Tafner family in the state of Santa Catarina (Brazil).[\/vc_column_text][vc_empty_space height=&#8221;62px&#8221;][\/vc_column][\/vc_row][vc_row][vc_column width=&#8221;1\/6&#8243;][\/vc_column][vc_column width=&#8221;2\/3&#8243;][vc_column_text]<\/p>\n<h3 style=\"text-align: center;\">Interview at 92 fm radio station (Portuguese)<\/h3>\n<p>[\/vc_column_text][vc_empty_space][vc_raw_html]JTNDc3R5bGUlM0UlMEEuaW50cmluc2ljLWNvbnRhaW5lciUyMCU3QiUwQSUyMCUyMHBvc2l0aW9uJTNBJTIwcmVsYXRpdmUlM0IlMEElMjAlMjBoZWlnaHQlM0ElMjAwJTNCJTBBJTIwJTIwb3ZlcmZsb3clM0ElMjBoaWRkZW4lM0IlMEElN0QlMEElMjAlMEElMkYlMkElMjAxNng5JTIwQXNwZWN0JTIwUmF0aW8lMjAlMkElMkYlMEEuaW50cmluc2ljLWNvbnRhaW5lci0xNng5JTIwJTdCJTBBJTIwJTIwcGFkZGluZy1ib3R0b20lM0ElMjA1Ni4yNSUyNSUzQiUwQSU3RCUwQSUyMCUwQS5pbnRyaW5zaWMtY29udGFpbmVyJTIwaWZyYW1lJTIwJTdCJTBBJTIwJTIwcG9zaXRpb24lM0ElMjBhYnNvbHV0ZSUzQiUwQSUyMCUyMHRvcCUzQTAlM0IlMEElMjAlMjBsZWZ0JTNBJTIwMCUzQiUwQSUyMCUyMHdpZHRoJTNBJTIwMTAwJTI1JTNCJTBBJTIwJTIwaGVpZ2h0JTNBJTIwMTAwJTI1JTNCJTBBJTdEJTBBJTNDJTJGc3R5bGUlM0UlMEElMEElM0NkaXYlMjBhbGlnbiUzRCUyMmNlbnRlciUyMiUzRSUwQSUzQ2RpdiUyMGNsYXNzJTNEJTIyaW50cmluc2ljLWNvbnRhaW5lciUyMGludHJpbnNpYy1jb250YWluZXItMTZ4OSUyMiUzRSUwQSUwQSUzQ2lmcmFtZSUyMHNyYyUzRCUyMmh0dHBzJTNBJTJGJTJGd3d3LnlvdXR1YmUuY29tJTJGZW1iZWQlMkZKZjFUY0xkODNQYyUzRndtb2RlJTNEb3BhcXVlJTI2c2hvd2luZm8lM0QwJTI2YXV0b3BsYXklM0QwJTI2Y29udHJvbHMlM0QxJTI2bW9kZXN0YnJhbmRpbmclM0QxJTI2dnElM0QlMjZyZWwlM0QwJTIyJTIwYWxsb3dmdWxsc2NyZWVuJTNEJTIyJTIyJTNFJTBBJTNDJTJGaWZyYW1lJTNFJTBBJTBBJTNDJTJGZGl2JTNFJTBBJTNDJTJGZGl2JTNF[\/vc_raw_html][vc_empty_space height=&#8221;50px&#8221;][\/vc_column][vc_column width=&#8221;1\/6&#8243;][\/vc_column][\/vc_row][vc_row][vc_column][vc_column_text]<\/p>\n<h3 style=\"text-align: center;\">Newspapers and magazines (Portuguese and Italian)<\/h3>\n<p>[\/vc_column_text][vc_empty_space]<div class=\"preloader\"><div class=\"preloader-spin\"><\/div><\/div> <div class=\"gem-gallery gem-gallery-hover-zooming-blur\"> <div class=\"gem-gallery-item\"> <div class=\"gem-gallery-item-image\"> <a href=\"https:\/\/familiatafner.com\/wp-content\/uploads\/2017\/11\/trentininelmondo-thegem-gallery-fullwidth.jpg\" data-fancybox-group=\"gallery-69ec8f00c6b3d\" data-full-image-url=\"https:\/\/familiatafner.com\/wp-content\/uploads\/2017\/11\/trentininelmondo.jpg\"> <svg width=\"20\" height=\"10\"><path d=\"M 0,10 Q 9,9 10,0 Q 11,9 20,10\" \/><\/svg> <img decoding=\"async\" src=\"https:\/\/familiatafner.com\/wp-content\/uploads\/2017\/11\/trentininelmondo-thegem-post-thumb-small.jpg\" alt=\"\" class=\"img-responsive\"> <span class=\"gem-gallery-caption slide-info\"> <span class=\"gem-gallery-item-title \"><p>Rivista Trentini Nel Mondo &#8211; Trento\/IT &#8211; Abril de 2017<\/p>\n<\/span> <\/span> <\/a> <span class=\"gem-gallery-line\"><\/span> <\/div> <\/div> <div class=\"gem-gallery-item\"> <div class=\"gem-gallery-item-image\"> <a href=\"https:\/\/familiatafner.com\/wp-content\/uploads\/2017\/11\/insieme-thegem-gallery-fullwidth.jpg\" data-fancybox-group=\"gallery-69ec8f00c6b3d\" data-full-image-url=\"https:\/\/familiatafner.com\/wp-content\/uploads\/2017\/11\/insieme.jpg\"> <svg width=\"20\" height=\"10\"><path d=\"M 0,10 Q 9,9 10,0 Q 11,9 20,10\" \/><\/svg> <img decoding=\"async\" src=\"https:\/\/familiatafner.com\/wp-content\/uploads\/2017\/11\/insieme-thegem-post-thumb-small.jpg\" alt=\"\" class=\"img-responsive\"> <span class=\"gem-gallery-caption slide-info\"> <span class=\"gem-gallery-item-title \"><p>Revista Insieme &#8211; Curitiba\/PR &#8211; Junho de 2017<\/p>\n<\/span> <\/span> <\/a> <span class=\"gem-gallery-line\"><\/span> <\/div> <\/div> <div class=\"gem-gallery-item\"> <div class=\"gem-gallery-item-image\"> <a href=\"https:\/\/familiatafner.com\/wp-content\/uploads\/2017\/11\/atribuna-amparo-sp-2017-thegem-gallery-fullwidth.jpg\" data-fancybox-group=\"gallery-69ec8f00c6b3d\" data-full-image-url=\"https:\/\/familiatafner.com\/wp-content\/uploads\/2017\/11\/atribuna-amparo-sp-2017.jpg\"> <svg width=\"20\" height=\"10\"><path d=\"M 0,10 Q 9,9 10,0 Q 11,9 20,10\" \/><\/svg> <img decoding=\"async\" src=\"https:\/\/familiatafner.com\/wp-content\/uploads\/2017\/11\/atribuna-amparo-sp-2017-thegem-post-thumb-small.jpg\" alt=\"\" class=\"img-responsive\"> <span class=\"gem-gallery-caption slide-info\"> <span class=\"gem-gallery-item-title \"><p>Jornal A Tribuna &#8211; Amparo SP &#8211; 28 jul 2017<\/p>\n<\/span> <\/span> <\/a> <span class=\"gem-gallery-line\"><\/span> <\/div> <\/div> <div class=\"gem-gallery-item\"> <div class=\"gem-gallery-item-image\"> <a href=\"https:\/\/familiatafner.com\/wp-content\/uploads\/2017\/11\/santa-thegem-gallery-fullwidth.jpg\" data-fancybox-group=\"gallery-69ec8f00c6b3d\" data-full-image-url=\"https:\/\/familiatafner.com\/wp-content\/uploads\/2017\/11\/santa.jpg\"> <svg width=\"20\" height=\"10\"><path d=\"M 0,10 Q 9,9 10,0 Q 11,9 20,10\" \/><\/svg> <img decoding=\"async\" src=\"https:\/\/familiatafner.com\/wp-content\/uploads\/2017\/11\/santa-thegem-post-thumb-small.jpg\" alt=\"\" class=\"img-responsive\"> <span class=\"gem-gallery-caption slide-info\"> <span class=\"gem-gallery-item-title \"><p>Jornal de Santa Catarina &#8211; Blumenau\/SC &#8211; 23 de Maio de 2017<\/p>\n<\/span> <\/span> <\/a> <span class=\"gem-gallery-line\"><\/span> <\/div> <\/div> <div class=\"gem-gallery-item\"> <div class=\"gem-gallery-item-image\"> <a href=\"https:\/\/familiatafner.com\/wp-content\/uploads\/2017\/11\/valedoitapocu-thegem-gallery-fullwidth.jpg\" data-fancybox-group=\"gallery-69ec8f00c6b3d\" data-full-image-url=\"https:\/\/familiatafner.com\/wp-content\/uploads\/2017\/11\/valedoitapocu.jpg\"> <svg width=\"20\" height=\"10\"><path d=\"M 0,10 Q 9,9 10,0 Q 11,9 20,10\" \/><\/svg> <img decoding=\"async\" src=\"https:\/\/familiatafner.com\/wp-content\/uploads\/2017\/11\/valedoitapocu-thegem-post-thumb-small.jpg\" alt=\"\" class=\"img-responsive\"> <span class=\"gem-gallery-caption slide-info\"> <span class=\"gem-gallery-item-title \"><p>Jornal do Vale do Itapocu &#8211; Jaragu\u00e1 do Sul SC &#8211; 4 a 6 ago 2017<\/p>\n<\/span> <\/span> <\/a> <span class=\"gem-gallery-line\"><\/span> <\/div> <\/div> <div class=\"gem-gallery-item\"> <div class=\"gem-gallery-item-image\"> <a href=\"https:\/\/familiatafner.com\/wp-content\/uploads\/2017\/11\/acidade-abr20177-thegem-gallery-fullwidth.jpg\" data-fancybox-group=\"gallery-69ec8f00c6b3d\" data-full-image-url=\"https:\/\/familiatafner.com\/wp-content\/uploads\/2017\/11\/acidade-abr20177.jpg\"> <svg width=\"20\" height=\"10\"><path d=\"M 0,10 Q 9,9 10,0 Q 11,9 20,10\" \/><\/svg> <img decoding=\"async\" src=\"https:\/\/familiatafner.com\/wp-content\/uploads\/2017\/11\/acidade-abr20177-thegem-post-thumb-small.jpg\" alt=\"\" class=\"img-responsive\"> <span class=\"gem-gallery-caption slide-info\"> <span class=\"gem-gallery-item-title \"><p>Jornal a Cidade &#8211; Timb\u00f3 SC &#8211; 1\u00aa quinzena de abril, 2017<\/p>\n<\/span> <\/span> <\/a> <span class=\"gem-gallery-line\"><\/span> <\/div> <\/div> <div class=\"gem-gallery-item\"> <div class=\"gem-gallery-item-image\"> <a href=\"https:\/\/familiatafner.com\/wp-content\/uploads\/2017\/11\/cafeimpresso-thegem-gallery-fullwidth.jpg\" data-fancybox-group=\"gallery-69ec8f00c6b3d\" data-full-image-url=\"https:\/\/familiatafner.com\/wp-content\/uploads\/2017\/11\/cafeimpresso.jpg\"> <svg width=\"20\" height=\"10\"><path d=\"M 0,10 Q 9,9 10,0 Q 11,9 20,10\" \/><\/svg> <img decoding=\"async\" src=\"https:\/\/familiatafner.com\/wp-content\/uploads\/2017\/11\/cafeimpresso-thegem-post-thumb-small.jpg\" alt=\"\" class=\"img-responsive\"> <span class=\"gem-gallery-caption slide-info\"> <span class=\"gem-gallery-item-title \"><p>Jornal Caf\u00e9 Impresso &#8211; Timb\u00f3\/SC &#8211; 27 de abril de 2017<\/p>\n<\/span> <\/span> <\/a> <span class=\"gem-gallery-line\"><\/span> <\/div> <\/div> <div class=\"gem-gallery-item\"> <div class=\"gem-gallery-item-image\"> <a href=\"https:\/\/familiatafner.com\/wp-content\/uploads\/2017\/11\/jornalindaial-thegem-gallery-fullwidth.jpg\" data-fancybox-group=\"gallery-69ec8f00c6b3d\" data-full-image-url=\"https:\/\/familiatafner.com\/wp-content\/uploads\/2017\/11\/jornalindaial.jpg\"> <svg width=\"20\" height=\"10\"><path d=\"M 0,10 Q 9,9 10,0 Q 11,9 20,10\" \/><\/svg> <img decoding=\"async\" src=\"https:\/\/familiatafner.com\/wp-content\/uploads\/2017\/11\/jornalindaial-thegem-post-thumb-small.jpg\" alt=\"\" class=\"img-responsive\"> <span class=\"gem-gallery-caption slide-info\"> <span class=\"gem-gallery-item-title \"><p>Jornal de Indaial &#8211; Indaial\/SC &#8211; Abril de 2017<\/p>\n<\/span> <\/span> <\/a> <span class=\"gem-gallery-line\"><\/span> <\/div> <\/div> <div class=\"gem-gallery-item\"> <div class=\"gem-gallery-item-image\"> <a href=\"https:\/\/familiatafner.com\/wp-content\/uploads\/2017\/11\/mediovale-thegem-gallery-fullwidth.jpg\" data-fancybox-group=\"gallery-69ec8f00c6b3d\" data-full-image-url=\"https:\/\/familiatafner.com\/wp-content\/uploads\/2017\/11\/mediovale.jpg\"> <svg width=\"20\" height=\"10\"><path d=\"M 0,10 Q 9,9 10,0 Q 11,9 20,10\" \/><\/svg> <img decoding=\"async\" src=\"https:\/\/familiatafner.com\/wp-content\/uploads\/2017\/11\/mediovale-thegem-post-thumb-small.jpg\" alt=\"\" class=\"img-responsive\"> <span class=\"gem-gallery-caption slide-info\"> <span class=\"gem-gallery-item-title \"><p>Jornal do M\u00e9dio Vale &#8211; Timb\u00f3\/SC &#8211; 18 de Agosto de 2017<\/p>\n<\/span> <\/span> <\/a> <span class=\"gem-gallery-line\"><\/span> <\/div> <\/div> <div class=\"gem-gallery-item\"> <div class=\"gem-gallery-item-image\"> <a href=\"https:\/\/familiatafner.com\/wp-content\/uploads\/2017\/11\/mediovale2-thegem-gallery-fullwidth.jpg\" data-fancybox-group=\"gallery-69ec8f00c6b3d\" data-full-image-url=\"https:\/\/familiatafner.com\/wp-content\/uploads\/2017\/11\/mediovale2.jpg\"> <svg width=\"20\" height=\"10\"><path d=\"M 0,10 Q 9,9 10,0 Q 11,9 20,10\" \/><\/svg> <img decoding=\"async\" src=\"https:\/\/familiatafner.com\/wp-content\/uploads\/2017\/11\/mediovale2-thegem-post-thumb-small.jpg\" alt=\"\" class=\"img-responsive\"> <span class=\"gem-gallery-caption slide-info\"> <span class=\"gem-gallery-item-title \"><p>Jornal do M\u00e9dio Vale &#8211; Timb\u00f3\/SC &#8211; 14 de Abril de 2017<\/p>\n<\/span> <\/span> <\/a> <span class=\"gem-gallery-line\"><\/span> <\/div> <\/div> <div class=\"gem-gallery-item\"> <div class=\"gem-gallery-item-image\"> <a href=\"https:\/\/familiatafner.com\/wp-content\/uploads\/2017\/11\/ocorujao-thegem-gallery-fullwidth.jpg\" data-fancybox-group=\"gallery-69ec8f00c6b3d\" data-full-image-url=\"https:\/\/familiatafner.com\/wp-content\/uploads\/2017\/11\/ocorujao.jpg\"> <svg width=\"20\" height=\"10\"><path d=\"M 0,10 Q 9,9 10,0 Q 11,9 20,10\" \/><\/svg> <img decoding=\"async\" src=\"https:\/\/familiatafner.com\/wp-content\/uploads\/2017\/11\/ocorujao-thegem-post-thumb-small.jpg\" alt=\"\" class=\"img-responsive\"> <span class=\"gem-gallery-caption slide-info\"> <span class=\"gem-gallery-item-title \"><p>Jornal O Coruj\u00e3o &#8211; Rodeio\/SC &#8211; 26 de Abril de 2017<\/p>\n<\/span> <\/span> <\/a> <span class=\"gem-gallery-line\"><\/span> <\/div> <\/div> <div class=\"gem-gallery-item\"> <div class=\"gem-gallery-item-image\"> <a href=\"https:\/\/familiatafner.com\/wp-content\/uploads\/2017\/11\/oindaialense-thegem-gallery-fullwidth.jpg\" data-fancybox-group=\"gallery-69ec8f00c6b3d\" data-full-image-url=\"https:\/\/familiatafner.com\/wp-content\/uploads\/2017\/11\/oindaialense.jpg\"> <svg width=\"20\" height=\"10\"><path d=\"M 0,10 Q 9,9 10,0 Q 11,9 20,10\" \/><\/svg> <img decoding=\"async\" src=\"https:\/\/familiatafner.com\/wp-content\/uploads\/2017\/11\/oindaialense-thegem-post-thumb-small.jpg\" alt=\"\" class=\"img-responsive\"> <span class=\"gem-gallery-caption slide-info\"> <span class=\"gem-gallery-item-title \"><p>Jornal O Indaialense &#8211; Indaial\/SC &#8211; 18 de Maio de 2017<\/p>\n<\/span> <\/span> <\/a> <span class=\"gem-gallery-line\"><\/span> <\/div> <\/div> <div class=\"gem-gallery-item\"> <div class=\"gem-gallery-item-image\"> <a href=\"https:\/\/familiatafner.com\/wp-content\/uploads\/2017\/11\/otrentino-thegem-gallery-fullwidth.jpg\" data-fancybox-group=\"gallery-69ec8f00c6b3d\" data-full-image-url=\"https:\/\/familiatafner.com\/wp-content\/uploads\/2017\/11\/otrentino.jpg\"> <svg width=\"20\" height=\"10\"><path d=\"M 0,10 Q 9,9 10,0 Q 11,9 20,10\" \/><\/svg> <img decoding=\"async\" src=\"https:\/\/familiatafner.com\/wp-content\/uploads\/2017\/11\/otrentino-thegem-post-thumb-small.jpg\" alt=\"\" class=\"img-responsive\"> <span class=\"gem-gallery-caption slide-info\"> <span class=\"gem-gallery-item-title \"><p>Jornal O Trentino &#8211; Nova Trento\/SC &#8211; 21 de Julho de 2017<\/p>\n<\/span> <\/span> <\/a> <span class=\"gem-gallery-line\"><\/span> <\/div> <\/div> <div class=\"gem-gallery-item\"> <div class=\"gem-gallery-item-image\"> <a href=\"https:\/\/familiatafner.com\/wp-content\/uploads\/2017\/11\/pomerode-thegem-gallery-fullwidth.jpg\" data-fancybox-group=\"gallery-69ec8f00c6b3d\" data-full-image-url=\"https:\/\/familiatafner.com\/wp-content\/uploads\/2017\/11\/pomerode.jpg\"> <svg width=\"20\" height=\"10\"><path d=\"M 0,10 Q 9,9 10,0 Q 11,9 20,10\" \/><\/svg> <img decoding=\"async\" src=\"https:\/\/familiatafner.com\/wp-content\/uploads\/2017\/11\/pomerode-thegem-post-thumb-small.jpg\" alt=\"\" class=\"img-responsive\"> <span class=\"gem-gallery-caption slide-info\"> <span class=\"gem-gallery-item-title \"><p>Jornal de Pomerode &#8211; Pomerode\/SC &#8211; 20 de Maio de 2017<\/p>\n<\/span> <\/span> <\/a> <span class=\"gem-gallery-line\"><\/span> <\/div> <\/div> <div class=\"gem-gallery-item\"> <div class=\"gem-gallery-item-image\"> <a href=\"https:\/\/familiatafner.com\/wp-content\/uploads\/2018\/02\/Jornal-do-M\u00e9dio-Vale-Timbo-SC-3-mai-2013-thegem-gallery-fullwidth.jpg\" data-fancybox-group=\"gallery-69ec8f00c6b3d\" data-full-image-url=\"https:\/\/familiatafner.com\/wp-content\/uploads\/2018\/02\/Jornal-do-M\u00e9dio-Vale-Timbo-SC-3-mai-2013.jpg\"> <svg width=\"20\" height=\"10\"><path d=\"M 0,10 Q 9,9 10,0 Q 11,9 20,10\" \/><\/svg> <img decoding=\"async\" src=\"https:\/\/familiatafner.com\/wp-content\/uploads\/2018\/02\/Jornal-do-M\u00e9dio-Vale-Timbo-SC-3-mai-2013-thegem-post-thumb-small.jpg\" alt=\"\" class=\"img-responsive\"> <span class=\"gem-gallery-caption slide-info\"> <span class=\"gem-gallery-item-title \"><p>Jornal do M\u00e9dio Vale (Timb\u00f3\/SC) &#8211; 03\/05\/2013<\/p>\n<\/span> <\/span> <\/a> <span class=\"gem-gallery-line\"><\/span> <\/div> <\/div> <div class=\"gem-gallery-item\"> <div class=\"gem-gallery-item-image\"> <a href=\"https:\/\/familiatafner.com\/wp-content\/uploads\/2018\/02\/Jornal-do-M\u00e9dio-Vale-Timb\u00f3-SC-15-jun-2012-thegem-gallery-fullwidth.jpg\" data-fancybox-group=\"gallery-69ec8f00c6b3d\" data-full-image-url=\"https:\/\/familiatafner.com\/wp-content\/uploads\/2018\/02\/Jornal-do-M\u00e9dio-Vale-Timb\u00f3-SC-15-jun-2012.jpg\"> <svg width=\"20\" height=\"10\"><path d=\"M 0,10 Q 9,9 10,0 Q 11,9 20,10\" \/><\/svg> <img decoding=\"async\" src=\"https:\/\/familiatafner.com\/wp-content\/uploads\/2018\/02\/Jornal-do-M\u00e9dio-Vale-Timb\u00f3-SC-15-jun-2012-thegem-post-thumb-small.jpg\" alt=\"\" class=\"img-responsive\"> <span class=\"gem-gallery-caption slide-info\"> <span class=\"gem-gallery-item-title \"><p>Jornal do M\u00e9dio Vale (Timb\u00f3\/SC) &#8211; 03\/05\/2013<\/p>\n<\/span> <\/span> <\/a> <span class=\"gem-gallery-line\"><\/span> <\/div> <\/div> <div class=\"gem-gallery-item\"> <div class=\"gem-gallery-item-image\"> <a href=\"https:\/\/familiatafner.com\/wp-content\/uploads\/2018\/04\/mediovale-2018-thegem-gallery-fullwidth.jpg\" data-fancybox-group=\"gallery-69ec8f00c6b3d\" data-full-image-url=\"https:\/\/familiatafner.com\/wp-content\/uploads\/2018\/04\/mediovale-2018.jpg\"> <svg width=\"20\" height=\"10\"><path d=\"M 0,10 Q 9,9 10,0 Q 11,9 20,10\" \/><\/svg> <img decoding=\"async\" src=\"https:\/\/familiatafner.com\/wp-content\/uploads\/2018\/04\/mediovale-2018-thegem-post-thumb-small.jpg\" alt=\"\" class=\"img-responsive\"> <span class=\"gem-gallery-caption slide-info\"> <span class=\"gem-gallery-item-title \"><p>Jornal do Medio Vale (Timbo\/SC) &#8211; 03\/06\/2018<\/p>\n<\/span> <\/span> <\/a> <span class=\"gem-gallery-line\"><\/span> <\/div> <\/div> <\/div>[vc_empty_space][\/vc_column][\/vc_row][vc_row][vc_column]<div id=\"fullwidth-block-69ec8f00c6fd5\" class=\"fullwidth-block clearfix\"  style=\"color: #d95959;background-color: #d95959;\"><script type=\"text\/javascript\">if (typeof(gem_fix_fullwidth_position) == \"function\") { gem_fix_fullwidth_position(document.getElementById(\"fullwidth-block-69ec8f00c6fd5\")); }<\/script><div class=\"fullwidth-block-inner\">[vc_column_text]<\/p>\n<p style=\"text-align: center;\"><span style=\"color: #ffffff;\">Website by Andrey Jos\u00e9 Taffner Fraga and Renan Phelipe Taffner Fraga.<\/span><br \/>\n<span style=\"color: #ffffff;\">Copyrighted content<\/span><\/p>\n<p>[\/vc_column_text]<\/div><\/div>[\/vc_column][\/vc_row]<\/p>\n<\/div>","protected":false},"excerpt":{"rendered":"<p>[vc_row][vc_column][vc_raw_js]JTNDJTIxLS0lMjBHbG9iYWwlMjBzaXRlJTIwdGFnJTIwJTI4Z3RhZy5qcyUyOSUyMC0lMjBHb29nbGUlMjBBbmFseXRpY3MlMjAtLSUzRSUwQSUzQ3NjcmlwdCUyMGFzeW5jJTIwc3JjJTNEJTIyaHR0cHMlM0ElMkYlMkZ3d3cuZ29vZ2xldGFnbWFuYWdlci5jb20lMkZndGFnJTJGanMlM0ZpZCUzRFVBLTEwNjU0MjI0OS02JTIyJTNFJTNDJTJGc2NyaXB0JTNFJTBBJTNDc2NyaXB0JTNFJTBBJTIwJTIwd2luZG93LmRhdGFMYXllciUyMCUzRCUyMHdpbmRvdy5kYXRhTGF5ZXIlMjAlN0MlN0MlMjAlNUIlNUQlM0IlMEElMjAlMjBmdW5jdGlvbiUyMGd0YWclMjglMjklN0JkYXRhTGF5ZXIucHVzaCUyOGFyZ3VtZW50cyUyOSUzQiU3RCUwQSUyMCUyMGd0YWclMjglMjdqcyUyNyUyQyUyMG5ldyUyMERhdGUlMjglMjklMjklM0IlMEElMEElMjAlMjBndGFnJTI4JTI3Y29uZmlnJTI3JTJDJTIwJTI3VUEtMTA2NTQyMjQ5LTYlMjclMjklM0IlMEElM0MlMkZzY3JpcHQlM0U=[\/vc_raw_js][vc_empty_space height=&#8221;60px&#8221;][vc_column_text css_animation=&#8221;fadeInDown&#8221;] Tafner Family&#8217;s Book Released &nbsp; In March 2017, the book \u201cFam\u00edlia Tafner: surgimento e trajet\u00f3ria, na Europa&#8230;<\/p>\n","protected":false},"author":1,"featured_media":0,"parent":0,"menu_order":0,"comment_status":"closed","ping_status":"closed","template":"","meta":{"footnotes":""},"class_list":["post-107","page","type-page","status-publish"],"_links":{"self":[{"href":"https:\/\/familiatafner.com\/en\/wp-json\/wp\/v2\/pages\/107","targetHints":{"allow":["GET"]}}],"collection":[{"href":"https:\/\/familiatafner.com\/en\/wp-json\/wp\/v2\/pages"}],"about":[{"href":"https:\/\/familiatafner.com\/en\/wp-json\/wp\/v2\/types\/page"}],"author":[{"embeddable":true,"href":"https:\/\/familiatafner.com\/en\/wp-json\/wp\/v2\/users\/1"}],"replies":[{"embeddable":true,"href":"https:\/\/familiatafner.com\/en\/wp-json\/wp\/v2\/comments?post=107"}],"version-history":[{"count":44,"href":"https:\/\/familiatafner.com\/en\/wp-json\/wp\/v2\/pages\/107\/revisions"}],"predecessor-version":[{"id":781,"href":"https:\/\/familiatafner.com\/en\/wp-json\/wp\/v2\/pages\/107\/revisions\/781"}],"wp:attachment":[{"href":"https:\/\/familiatafner.com\/en\/wp-json\/wp\/v2\/media?parent=107"}],"curies":[{"name":"wp","href":"https:\/\/api.w.org\/{rel}","templated":true}]}}